{"id":2203,"date":"2021-09-27T21:11:45","date_gmt":"2021-09-27T20:11:45","guid":{"rendered":"http:\/\/parrocchiaracconigimurello.org\/?page_id=2203"},"modified":"2025-11-21T21:42:36","modified_gmt":"2025-11-21T20:42:36","slug":"canti-per-le-cresime","status":"publish","type":"page","link":"https:\/\/parrocchiaracconigimurello.org\/?page_id=2203","title":{"rendered":"Canti per le cresime"},"content":{"rendered":"\n<p><a href=\"https:\/\/docs.google.com\/document\/d\/1YE2ifDcGxyOC_a6IiViLs7pA9KMEUR6CpWcUA-qarXQ\/edit?usp=sharing\">Elenco generale di tutti i canti (formato word)<\/a><\/p>\n\n\n\n<p><a href=\"https:\/\/drive.google.com\/file\/d\/1fJxDS_Bt_wJbTSnW76kK6spVTzS0ea3w\/view?usp=sharing\">Elenco generale di tutti i canti (formato pdf)<\/a><\/p>\n\n\n\n<p><\/p>\n\n\n\n<p>Sabato 22 Novembre 2025<\/p>\n\n\n\n<h2 class=\"wp-block-heading has-vivid-red-color has-text-color\">Ingresso<\/h2>\n\n\n\n<h3 class=\"wp-block-heading has-vivid-cyan-blue-color has-text-color\">Re dei re<\/h3>\n\n\n\n<p>Hai sollevato i nostri volti dalla polvere<\/p>\n\n\n\n<p>Le nostre colpe hai portato su di te<\/p>\n\n\n\n<p>Signore ti sei fatto uomo in tutto come noi<\/p>\n\n\n\n<p>Per amore<\/p>\n\n\n\n<p>.<\/p>\n\n\n\n<p>Figlio dell&#8217;Altissimo, povero tra i poveri<\/p>\n\n\n\n<p>Vieni a dimorare tra noi<\/p>\n\n\n\n<p>Dio dell&#8217;impossibile, Re di tuttii secoli<\/p>\n\n\n\n<p>Vieni nella tua maest\u00e0<\/p>\n\n\n\n<p>.<\/p>\n\n\n\n<p>Re dei re, i popoli ti acclamano<\/p>\n\n\n\n<p>I cieli ti proclamano re dei re<\/p>\n\n\n\n<p>Luce degli uomini, regna col tuo amore tra noi, noi, noi, noi<\/p>\n\n\n\n<p>.<\/p>\n\n\n\n<p>Ci hai riscattati dalla stretta delle tenebre<\/p>\n\n\n\n<p>Perche potessimo glorificare te<\/p>\n\n\n\n<p>Hai riversato in noi la vita del tuo Spirito<\/p>\n\n\n\n<p>Per amore<\/p>\n\n\n\n<p>.<\/p>\n\n\n\n<p>Figlio dell&#8217;Altissimo, povero tra i poveri<\/p>\n\n\n\n<p>Vieni a dimorare tra noi<\/p>\n\n\n\n<p>Dio dell&#8217;impossibile, re di tuttii secoli<\/p>\n\n\n\n<p>Vieni nella tua maest\u00e0<\/p>\n\n\n\n<p>.<\/p>\n\n\n\n<p>Re dei re, i popoli ti acclamano<\/p>\n\n\n\n<p>I cieli ti proclamano re dei re<\/p>\n\n\n\n<p>Luce degli uomini, regna col tuo amore tra noi, noi, noi, noi<\/p>\n\n\n\n<p>.<\/p>\n\n\n\n<p>Tua \u00e8 la gloria per sempre<\/p>\n\n\n\n<p>Tua \u00e8 la gloria per sempre<\/p>\n\n\n\n<p>Gloria, gloria<\/p>\n\n\n\n<p>Gloria, gloria<\/p>\n\n\n\n<p>.<\/p>\n\n\n\n<p>Figlio dell&#8217;Altissimo, povero tra i poveri<\/p>\n\n\n\n<p>Vieni a dimorare tra noi<\/p>\n\n\n\n<p>Dio dell&#8217;impossibile, re di tutti i secoli<\/p>\n\n\n\n<p>Vieni nella tua maest\u00e0<\/p>\n\n\n\n<p>.<\/p>\n\n\n\n<p>Re dei re, i popoli ti acclamano<\/p>\n\n\n\n<p>I cieli ti proclamano re dei re<\/p>\n\n\n\n<p>Luce degli uomini, regna col tuo amore tra noi, noi, noi, noi<\/p>\n\n\n\n<h1 class=\"wp-block-heading has-vivid-red-color has-text-color\">Gloria<\/h1>\n\n\n\n<h3 class=\"wp-block-heading has-vivid-cyan-blue-color has-text-color\"><strong>Gloria (Giombini)<\/strong><\/h3>\n\n\n\n<p>Gloria, gloria, a Dio nell\u2019alto dei cieli gloria<\/p>\n\n\n\n<p>E pace e pace in terra agli uomini di buona volont\u00e0.<\/p>\n\n\n\n<p>Noi ti lodiamo (noi ti lodiamo), Ti benediciamo (Ti benediciamo)<\/p>\n\n\n\n<p>Ti adoriamo (Ti adoriamo), Ti glorifichiamo (Ti glorifichiamo)<\/p>\n\n\n\n<p>Ti rendiamo grazie per la tua gloria immensa.<\/p>\n\n\n\n<p>Signore Figlio unigenito Ges\u00f9 Cristo Signore Dio<\/p>\n\n\n\n<p>Agnello di Dio, figlio del Padre<\/p>\n\n\n\n<p>Tu che togli i peccati, i peccati del mondo<\/p>\n\n\n\n<p>Abbi piet\u00e0 di noi, abbi piet\u00e0 di noi<\/p>\n\n\n\n<p>Tu che togli i peccati, i peccati del mondo<\/p>\n\n\n\n<p>Accogli, accogli, la nostra supplica<\/p>\n\n\n\n<p>Tu che siedi alla destra, alla destra del Padre<\/p>\n\n\n\n<p>Abbi piet\u00e0 di noi, abbi piet\u00e0 di noi<\/p>\n\n\n\n<p>Perch\u00e8 tu solo il santo (perch\u00e8 tu solo il santo)<\/p>\n\n\n\n<p>Tu solo il Signore (Tu solo il Signore)<\/p>\n\n\n\n<p>Tu solo l\u2019altissimo (Tu solo l\u2019altissimo)<\/p>\n\n\n\n<p>Ges\u00f9 Cristo (Ges\u00f9 Cristo)<\/p>\n\n\n\n<p>Con lo spirito santo nella gloria di Dio Padre Amen<\/p>\n\n\n\n<p>Con lo spirito santo nella gloria di Dio Padre Amen<\/p>\n\n\n\n<h1 class=\"wp-block-heading has-vivid-red-color has-text-color\">Salmo<\/h1>\n\n\n\n<h3 class=\"wp-block-heading has-vivid-cyan-blue-color has-text-color has-link-color wp-elements-7acd29ebae67d36e06f0c0e342f766c0\">Del tuo Santo Spirito<\/h3>\n\n\n\n<p><strong>Rit. Del tuo Santo Spirito, Signore, \u00e8 piena la terra.<\/strong><\/p>\n\n\n\n<p>1.Benedici il Signore, anima mia: Signore, mio Dio quanto sei grande!<\/p>\n\n\n\n<p>Quanto sono grandi, Signore le tue opere!<\/p>\n\n\n\n<p>La terra \u00e8 piena delle tue creature. <strong>Rit<\/strong>.<\/p>\n\n\n\n<p>2.Se togli loro lo spirito, muoiono e ritornano nella loro polvere.<\/p>\n\n\n\n<p>Mandi il tuo Spirito, sono creati, e rinnovi la faccia della terra. <strong>Rit<\/strong>.<\/p>\n\n\n\n<p>3.la gloria del Signore sia per sempre: gioisca il Signore delle sue opere.<\/p>\n\n\n\n<p>A lui sia gradito il mio canto; la mia gioia \u00e8 nel Signore. <strong>Rit<\/strong>.<\/p>\n\n\n\n<h1 class=\"wp-block-heading has-vivid-red-color has-text-color\">Alleluia<\/h1>\n\n\n\n<h3 class=\"wp-block-heading has-vivid-cyan-blue-color has-text-color\"><strong>Alleluia irlandese<\/strong><\/h3>\n\n\n\n<p><strong>Alleluia, alleluia! alleluia, alleluia!<\/strong><\/p>\n\n\n\n<p>8.Venga lo spirito Santo,<\/p>\n\n\n\n<p>Fuoco che accende la terra:<\/p>\n\n\n\n<p>Nella libert\u00e0 si rinnovi il nostro cuore<\/p>\n\n\n\n<p><\/p>\n\n\n\n<h1 class=\"wp-block-heading has-vivid-red-color has-text-color\">Cresime<\/h1>\n\n\n\n<h3 class=\"wp-block-heading has-vivid-cyan-blue-color has-text-color has-link-color wp-elements-e8479e926e433b23512fe54871935cd2\">Sequenza di pentecoste (Vieni, Santo Spirito)<\/h3>\n\n\n\n<p>Vieni, Santo Spirito, manda a noi dal cielo un raggio di tua luce.<\/p>\n\n\n\n<p>Vieni, padre dei poveri, vieni, datore dei doni, vieni, luce dei cuori<\/p>\n\n\n\n<p>.<\/p>\n\n\n\n<p>Consolatore perfetto, ospite dolce dell&#8217;anima, dolcissimo sollievo.<\/p>\n\n\n\n<p>Nella fatica, riposo, nella calura, riparo, nel pianto, conforto<\/p>\n\n\n\n<p>.<\/p>\n\n\n\n<p>O luce beatissima, invadi nell&#8217;intimo il cuore dei tuoi fedeli.<\/p>\n\n\n\n<p>Senza la tua forza, nulla \u00e8 nell&#8217;uomo, nulla \u00e8 senza colpa<\/p>\n\n\n\n<p>.<\/p>\n\n\n\n<p>Lava ci\u00f2 che \u00e8 sordido, bagna ci\u00f2 che \u00e8 arido, sana ci\u00f2 che sanguina.<\/p>\n\n\n\n<p>Piega ci\u00f2 che \u00e8 rigido, scalda ci\u00f2 che \u00e8 gelido, drizza ci\u00f2 ch&#8217;\u00e8 sviato<\/p>\n\n\n\n<p>.<\/p>\n\n\n\n<p>Dona ai tuoi fedeli che solo in te confidano i tuoi santi doni.<\/p>\n\n\n\n<p>Dona virt\u00f9 e premio, dona morte santa, dona gioia eterna.<\/p>\n\n\n\n<hr class=\"wp-block-separator has-alpha-channel-opacity is-style-wide\"\/>\n\n\n\n<h2 class=\"wp-block-heading has-vivid-red-color has-text-color has-link-color wp-elements-873892390d540b6bec0764ad01210614\">Ritornelli di Taiz\u00e8<\/h2>\n\n\n\n<h3 class=\"wp-block-heading has-vivid-cyan-blue-color has-text-color has-link-color wp-elements-1340b8e3347f9031d062264fd0e26506\">Vieni Spirito Santo<\/h3>\n\n\n\n<p>Tu sei sorgente viva,<br>Tu sei fuoco, sei carit\u00e0.<\/p>\n\n\n\n<p><strong>Vieni Spirito Santo, vieni Spirito Santo.<\/strong><\/p>\n\n\n\n<h3 class=\"wp-block-heading has-vivid-cyan-blue-color has-text-color has-link-color wp-elements-0b6638f118683b796148a4cb3580b8c8\">Tui amoris ignem<\/h3>\n\n\n\n<p>Veni Sancte Spiritus, tui amoris ignem accende.<\/p>\n\n\n\n<p>Veni Sancte Spiritus, veni Sancte Spiritus.<\/p>\n\n\n\n<h3 class=\"wp-block-heading has-vivid-cyan-blue-color has-text-color has-link-color wp-elements-83e3779b59258d6997aefe74553df98b\">Ubi caritas<\/h3>\n\n\n\n<p>Ubi caritas, et amor<strong><br><\/strong>Ubi caritas, Deus ibi est<\/p>\n\n\n\n<p><\/p>\n\n\n\n<h2 class=\"wp-block-heading has-vivid-red-color has-text-color\">OFFERTORIO<\/h2>\n\n\n\n<h3 class=\"wp-block-heading has-vivid-cyan-blue-color has-text-color\"><strong>Accogli i nostri doni (Buttazzo)<\/strong><\/h3>\n\n\n\n<p>Accogli i nostri doni, Dio dell&#8217;universo,<\/p>\n\n\n\n<p>In questo misterioso incontro col tuo Figlio.<\/p>\n\n\n\n<p>Ti offriamo il pane che Tu ci dai:<\/p>\n\n\n\n<p>Trasformalo in Te, Signor.<\/p>\n\n\n\n<p>.<\/p>\n\n\n\n<p>R. Benedetto nei secoli il Signore,<\/p>\n\n\n\n<p>Infinita sorgente della vita.<\/p>\n\n\n\n<p>Benedetto nei secoli,<\/p>\n\n\n\n<p>Benedetto nei secoli.<\/p>\n\n\n\n<p>.<\/p>\n\n\n\n<p>Accogli i nostri doni, Dio dell&#8217;universo,<\/p>\n\n\n\n<p>In questo misterioso incontro col tuo Figlio.<\/p>\n\n\n\n<p>Ti offriamo il vino che Tu ci dai:<\/p>\n\n\n\n<p>Trasformalo in Te, Signor.<\/p>\n\n\n\n<p>.<\/p>\n\n\n\n<p>R. Benedetto nei secoli il Signore,<\/p>\n\n\n\n<p>Infinita sorgente della vita.<\/p>\n\n\n\n<p>Benedetto nei secoli,<\/p>\n\n\n\n<p>Benedetto nei secoli.<\/p>\n\n\n\n<h1 class=\"wp-block-heading has-vivid-red-color has-text-color\">Santo<\/h1>\n\n\n\n<h3 class=\"wp-block-heading has-vivid-cyan-blue-color has-text-color\"><strong>Santo (Gen Rosso, album: come fuoco vivo)<\/strong><\/h3>\n\n\n\n<p><strong>Rit. Santo, Santo, Santo il Signore,<\/strong><\/p>\n\n\n\n<p><strong>Dio dell&#8217;universo.<\/strong><\/p>\n\n\n\n<p><strong>Santo, Santo.<\/strong><\/p>\n\n\n\n<p><strong>I cieli e la terra<\/strong><\/p>\n\n\n\n<p><strong>sono pieni della tua gloria.<\/strong><\/p>\n\n\n\n<p>Osanna nell&#8217;alto dei cieli.<\/p>\n\n\n\n<p>Osanna nell&#8217;alto dei cieli.<\/p>\n\n\n\n<p><strong>Rit. Santo, Santo, Santo il Signore,<\/strong><\/p>\n\n\n\n<p><strong>Dio dell&#8217;universo.<\/strong><\/p>\n\n\n\n<p><strong>Santo, Santo.<\/strong><\/p>\n\n\n\n<p><strong>I cieli e la terra<\/strong><\/p>\n\n\n\n<p><strong>sono pieni della tua gloria.<\/strong><\/p>\n\n\n\n<p>Benedetto colui che viene<\/p>\n\n\n\n<p>nel nome del Signore.<\/p>\n\n\n\n<p>Osanna nell&#8217;alto dei cieli.<\/p>\n\n\n\n<p>Osanna nell&#8217;alto dei cieli.<\/p>\n\n\n\n<p>Santo, Santo, Santo.<\/p>\n\n\n\n<p><\/p>\n\n\n\n<h1 class=\"wp-block-heading has-vivid-red-color has-text-color\"><strong>Mistero della fede.<\/strong><\/h1>\n\n\n\n<p>Annunciamo la tua morte, Signore,<\/p>\n\n\n\n<p>proclamiamo la tua resurrezione<\/p>\n\n\n\n<p>nell&#8217;attesa della tua venuta!<\/p>\n\n\n\n<p><\/p>\n\n\n\n<h1 class=\"wp-block-heading has-vivid-red-color has-text-color\">Per Cristo + amen festoso<\/h1>\n\n\n\n<h1 class=\"wp-block-heading has-vivid-red-color has-text-color\">Agnello<\/h1>\n\n\n\n<h3 class=\"wp-block-heading has-vivid-cyan-blue-color has-text-color\"><strong>Agnello (Gen Rosso, album: come fuoco vivo = Gen 2)<\/strong><\/h3>\n\n\n\n<p>Agnello di Dio, che togli i peccati del mondo, abbi piet\u00e0 di noi.<\/p>\n\n\n\n<p>Agnello di Dio, che togli i peccati del mondo, abbi piet\u00e0 di noi.<\/p>\n\n\n\n<p>Agnello di Dio, che togli i peccati del mondo,<\/p>\n\n\n\n<p>dona a noi la pace, dona a noi la pace.<\/p>\n\n\n\n<h2 class=\"wp-block-heading has-vivid-red-color has-text-color\">COMUNIONE<\/h2>\n\n\n\n<h3 class=\"wp-block-heading has-vivid-cyan-blue-color has-text-color has-link-color wp-elements-743290dfdd7c803758607e2097f30ceb\"><strong>Chiamati per nome<\/strong><\/h3>\n\n\n\n<p>Veniamo da te,<\/p>\n\n\n\n<p>chiamati per nome.<\/p>\n\n\n\n<p>Che festa, Signore, tu cammini con noi.<\/p>\n\n\n\n<p>Ci parli di te,<\/p>\n\n\n\n<p>per noi spezzi il pane,<\/p>\n\n\n\n<p>ti riconosciamo e il cuore arde: sei Tu!<\/p>\n\n\n\n<p>E noi tuo popolo<\/p>\n\n\n\n<p>siamo qui.<\/p>\n\n\n\n<p>.<\/p>\n\n\n\n<p>Siamo come terra ed argilla<\/p>\n\n\n\n<p>e la tua Parola ci plasmer\u00e0,<\/p>\n\n\n\n<p>brace pronta per la scintilla<\/p>\n\n\n\n<p>e il tuo Spirito soffier\u00e0,<\/p>\n\n\n\n<p>c\u2019infiammer\u00e0.<\/p>\n\n\n\n<p>Veniamo da te, chiamati per nome\u2026<\/p>\n\n\n\n<p>.<\/p>\n\n\n\n<p>Siamo come semi nel solco,<\/p>\n\n\n\n<p>come vigna che il suo frutto dar\u00e0,<\/p>\n\n\n\n<p>grano del Signore risorto,<\/p>\n\n\n\n<p>la tua messe che fiorir\u00e0<\/p>\n\n\n\n<p>d\u2019eternit\u00e0.<\/p>\n\n\n\n<p>Veniamo da te, chiamati per nome\u2026<\/p>\n\n\n\n<p>E noi tuo popolo<\/p>\n\n\n\n<p>siamo qui.<\/p>\n\n\n\n<p>Siamo qui.<\/p>\n\n\n\n<p>&#8212;&#8212;&#8212;&#8212;&#8212;&#8212;&#8212;&#8212;&#8212;&#8212;<\/p>\n\n\n\n<h3 class=\"wp-block-heading has-vivid-cyan-blue-color has-text-color\">Tu sei<\/h3>\n\n\n\n<p>Tu sei la prima stella del mattino,Tu sei la nostra grande nostalgia, Tu sei il cielo chiaro dopo la paura, dopo la paura d\u2019esserci perduti e torner\u00e0 la vita in questo mare. (bis)<\/p>\n\n\n\n<p>Tu sei l\u2019unico volto della pace, Tu sei speranza nelle nostre mani, Tu sei il vento nuovo sulle nostre ali, sulle nostre ali soffier\u00e0 la vita e gonfier\u00e0 le vele per questo mare. (bis)<\/p>\n\n\n\n<p><strong>RIT:<\/strong><\/p>\n\n\n\n<p><strong>Soffier\u00e0, soffier\u00e0, il vento forte della vita, soffier\u00e0 sulle vele e le gonfier\u00e0 di te. Soffier\u00e0, soffier\u00e0, il vento forte della vita, soffier\u00e0 sulle vele e le gonfier\u00e0 di te. (bis)<\/strong><\/p>\n\n\n\n<h1 class=\"wp-block-heading has-vivid-red-color has-text-color\">Congedo<\/h1>\n\n\n\n<h3 class=\"wp-block-heading has-vivid-cyan-blue-color has-text-color\">Vi amo cos\u00ec<\/h3>\n\n\n\n<p>C&#8217;\u00e8 una novit\u00e0 nella nostra storia&nbsp;<\/p>\n\n\n\n<p>Dio che si fa uomo e porta il cielo sulla terra<\/p>\n\n\n\n<p>Con la nostra vita si rivela&nbsp;<\/p>\n\n\n\n<p>Nello Spirito che soffia Verit\u00e0.<\/p>\n\n\n\n<p>C&#8217;\u00e8 una novit\u00e0: che la morte \u00e8 vinta.&nbsp;<\/p>\n\n\n\n<p>E la gioia in cuore a tutto il mondo poi racconta,<\/p>\n\n\n\n<p>Annunciando ancora la Parola&nbsp;<\/p>\n\n\n\n<p>che ci aiuta a ritornare insieme qui:<\/p>\n\n\n\n<p>Vi amo cos\u00ec e vi amer\u00f2 come vi ho amati, con voi rester\u00f2&nbsp;<\/p>\n\n\n\n<p>e via da qui ognuno sar\u00e0 il testimone della Carit\u00e0&nbsp;<\/p>\n\n\n\n<p>il testimone di Me, Verit\u00e0.<\/p>\n\n\n\n<p>C&#8217;\u00e8 una novit\u00e0, Cristo \u00e8 la speranza,&nbsp;<\/p>\n\n\n\n<p>che da noi dilaga fino ai confini della terra<\/p>\n\n\n\n<p>figli della Chiesa, madre e amica&nbsp;<\/p>\n\n\n\n<p>che rivela la promessa ancora qui.<\/p>\n\n\n\n<p>Vi amo cos\u00ec e vi amer\u00f2 come vi ho amati, con voi rester\u00f2&nbsp;<\/p>\n\n\n\n<p>e via da qui ognuno sar\u00e0 il testimone della Carit\u00e0&nbsp;<\/p>\n\n\n\n<p>Senti nel vento il grido del mondo<\/p>\n\n\n\n<p>che si alza e arriva qui, fino a noi!<\/p>\n\n\n\n<p>Chiede da sempre, lo sai,d&#8217;esserci<\/p>\n\n\n\n<p>e via da qui ognuno sar\u00e0 il testimone della Carit\u00e0&nbsp;<\/p>\n\n\n\n<p>il testimone di Me, Verit\u00e0.<\/p>\n\n\n\n<p>Vi amo cos\u00ec e vi amer\u00f2 come vi ho amati, con voi rester\u00f2&nbsp;<\/p>\n\n\n\n<p>e via da qui ognuno sar\u00e0 il testimone della Carit\u00e0&nbsp;<\/p>\n\n\n\n<p>il testimone di Me, Verit\u00e0. (2v)<\/p>\n\n\n\n<hr class=\"wp-block-separator has-alpha-channel-opacity\"\/>\n","protected":false},"excerpt":{"rendered":"<p>Elenco generale di tutti i canti (formato word) Elenco generale di tutti i canti (formato pdf) Sabato 22 Novembre 2025 Ingresso Re dei re Hai sollevato i nostri volti dalla polvere Le nostre colpe hai portato su di te Signore ti sei fatto uomo in tutto come noi Per amore . Figlio dell&#8217;Altissimo, povero tra [&hellip;]<\/p>\n","protected":false},"author":11,"featured_media":0,"parent":0,"menu_order":0,"comment_status":"closed","ping_status":"closed","template":"","meta":{"footnotes":""},"class_list":["post-2203","page","type-page","status-publish","hentry"],"_links":{"self":[{"href":"https:\/\/parrocchiaracconigimurello.org\/index.php?rest_route=\/wp\/v2\/pages\/2203","targetHints":{"allow":["GET"]}}],"collection":[{"href":"https:\/\/parrocchiaracconigimurello.org\/index.php?rest_route=\/wp\/v2\/pages"}],"about":[{"href":"https:\/\/parrocchiaracconigimurello.org\/index.php?rest_route=\/wp\/v2\/types\/page"}],"author":[{"embeddable":true,"href":"https:\/\/parrocchiaracconigimurello.org\/index.php?rest_route=\/wp\/v2\/users\/11"}],"replies":[{"embeddable":true,"href":"https:\/\/parrocchiaracconigimurello.org\/index.php?rest_route=%2Fwp%2Fv2%2Fcomments&post=2203"}],"version-history":[{"count":10,"href":"https:\/\/parrocchiaracconigimurello.org\/index.php?rest_route=\/wp\/v2\/pages\/2203\/revisions"}],"predecessor-version":[{"id":4943,"href":"https:\/\/parrocchiaracconigimurello.org\/index.php?rest_route=\/wp\/v2\/pages\/2203\/revisions\/4943"}],"wp:attachment":[{"href":"https:\/\/parrocchiaracconigimurello.org\/index.php?rest_route=%2Fwp%2Fv2%2Fmedia&parent=2203"}],"curies":[{"name":"wp","href":"https:\/\/api.w.org\/{rel}","templated":true}]}}